{"id":288,"date":"2022-07-12T01:39:45","date_gmt":"2022-07-11T23:39:45","guid":{"rendered":"https:\/\/manatai.malo.wf\/?page_id=288"},"modified":"2026-04-21T01:53:58","modified_gmt":"2026-04-20T23:53:58","slug":"inscriptions","status":"publish","type":"page","link":"https:\/\/manatai.malo.wf\/index.php\/manatai-2023\/inscriptions\/","title":{"rendered":"Inscriptions"},"content":{"rendered":"\n<div class=\"wp-block-media-text alignwide is-stacked-on-mobile\" style=\"grid-template-columns:27% auto\"><figure class=\"wp-block-media-text__media\"><img loading=\"lazy\" decoding=\"async\" width=\"423\" height=\"600\" src=\"https:\/\/manatai.malo.wf\/wp-content\/uploads\/2023\/07\/logo-manatail-BL-rose.png\" alt=\"\" class=\"wp-image-644 size-full\" srcset=\"https:\/\/manatai.malo.wf\/wp-content\/uploads\/2023\/07\/logo-manatail-BL-rose.png 423w, https:\/\/manatai.malo.wf\/wp-content\/uploads\/2023\/07\/logo-manatail-BL-rose-212x300.png 212w\" sizes=\"auto, (max-width: 423px) 85vw, 423px\" \/><\/figure><div class=\"wp-block-media-text__content\">\n<h2 class=\"wp-block-heading\">Bienvenue sur la page d&rsquo;inscription<br>de la MANATAI  !<\/h2>\n<\/div><\/div>\n\n\n\n<p class=\"has-medium-font-size\"><strong>inscription 2027:<\/strong> c&rsquo;est Parti  pour la Aircalin Manatai 2027 du 14 au 21 aout 2027  \u00e0 Wallis<\/p>\n\n\n\n<p class=\"has-medium-font-size\"><strong>DEUX ETAPES : Inscription (formulaire individuel) puis paiement en ligne<\/strong><\/p>\n\n\n\n<p class=\"has-medium-font-size\"><br>contacter l&rsquo;\u00e9quipe manatai pour les clubs de rame qui souhaitent ajouter ou modifier des noms <br>manataiwallis@gmail.com<\/p>\n\n\n\n<p class=\"has-dark-gray-color has-bright-red-background-color has-text-color has-background has-medium-font-size\">Inscriptions<strong> locales<\/strong> Wallis :300 places disponibles:<br>&#8211;  4000F \/adulte et 3000F\/jeune(&lt;18 ans) avant le 15\/07<br>&#8211; 6000F \/ adulte et 4000F \/ jeune (&lt;18 ans ) apr\u00e8s le 15\/07<br>Inscriptions aux 3 jours  de comp\u00e9titions (13,14 et 15 aout ) avec package Lycra  goodies comp\u00e9titeur et sandwich x3  + hauhauladies le 10\/08 pour les rameurs<\/p>\n\n\n\n<p><\/p>\n\n\n\n<div class=\"wp-block-buttons is-content-justification-center is-layout-flex wp-container-core-buttons-is-layout-16018d1d wp-block-buttons-is-layout-flex\">\n<div class=\"wp-block-button\"><a class=\"wp-block-button__link has-dark-gray-color has-bright-red-background-color has-text-color has-background wp-element-button\">rame wallis<\/a><\/div>\n\n\n\n<div class=\"wp-block-button\"><a class=\"wp-block-button__link has-dark-gray-color has-bright-red-background-color has-text-color has-background wp-element-button\">voile <\/a><\/div>\n\n\n\n<div class=\"wp-block-button\"><a class=\"wp-block-button__link has-dark-gray-color has-bright-red-background-color has-text-color has-background wp-element-button\">natation<\/a><\/div>\n\n\n\n<div class=\"wp-block-button\"><a class=\"wp-block-button__link has-dark-gray-color has-bright-red-background-color has-text-color has-background wp-element-button\">pirogue traditionnelle<\/a><\/div>\n\n\n\n<div class=\"wp-block-button\"><a class=\"wp-block-button__link has-dark-gray-color has-bright-red-background-color has-text-color has-background wp-element-button\">kite\/WIND\/WING wallis<\/a><\/div>\n<\/div>\n\n\n\n<p class=\"has-dark-gray-color has-bright-red-background-color has-text-color has-background has-medium-font-size\"><strong>Paiement en ligne de vos inscriptions locales WALLIS (CB)<\/strong>:<\/p>\n\n\n\n<div class=\"wp-block-buttons is-layout-flex wp-block-buttons-is-layout-flex\">\n<div class=\"wp-block-button\"><a class=\"wp-block-button__link has-bright-red-color has-dark-gray-background-color has-text-color has-background wp-element-button\">paiement en ligne (cb)<\/a><\/div>\n<\/div>\n\n\n\n<p>=&gt; juste avant le paiement pensez \u00e0 ajuster le curseur de don \u00e0 helloasso (qui n&rsquo;est pas obligatoire ) de 0\u20ac \u00e0 5\u20ac \u00e0 votre convenance. Attention il est r\u00e9gl\u00e9 d&rsquo;office sur 5\u20ac pensez \u00e0 l&rsquo;ajuster . <br>Pour les clubs de rame vous pouvez r\u00e9gler en une fois pour plusieurs rameurs. il vous suffit d&rsquo;ajuster le nombre d&rsquo;inscrits jeunes et adultes <\/p>\n\n\n\n<p class=\"has-white-color has-medium-brown-background-color has-text-color has-background has-medium-font-size\">FUTUNA TRAIL: Formulaire + r\u00e8glement sur place ou paiement en ligne <\/p>\n\n\n\n<hr class=\"wp-block-separator has-text-color has-white-color has-alpha-channel-opacity has-white-background-color has-background is-style-default\"\/>\n\n\n\n<div class=\"wp-block-buttons is-layout-flex wp-block-buttons-is-layout-flex\">\n<div class=\"wp-block-button\"><a class=\"wp-block-button__link has-medium-brown-background-color has-background wp-element-button\" href=\"https:\/\/www.supersaas.fr\/form\/manatai\/trail_Futuna\" target=\"_blank\" rel=\"noreferrer noopener\">Inscription locale Futuna Trail<\/a><\/div>\n<\/div>\n\n\n\n<div class=\"wp-block-buttons is-layout-flex wp-block-buttons-is-layout-flex\">\n<div class=\"wp-block-button\"><a class=\"wp-block-button__link has-white-color has-dark-gray-background-color has-text-color has-background wp-element-button\" href=\"https:\/\/www.helloasso.com\/associations\/manatai\/adhesions\/inscriptions-locales-manatai-futuna-trail-2\" target=\"_blank\" rel=\"noreferrer noopener\">paiement en ligne inscription locale futuna trail <\/a><\/div>\n<\/div>\n\n\n\n<p>Pour futuna les inscriptions sont locales uniquement (il faut se rendre sur Futuna)<br>3000 F \/ adulte et 1000F\/jeune&lt; 18 ans  format semi marathon 22km ou relais en \u00e9quipe <\/p>\n\n\n\n<p><br>100 Lycras disponibles pour la premi\u00e8re \u00e9dition du Aircalin Manatai Futuna trail<\/p>\n\n\n\n<p class=\"has-light-blue-background-color has-background\"><strong>Forfait day Off pour les athletes locaux: <\/strong><\/p>\n\n\n\n<p>Pour venir participer aux journ\u00e9es manatai hors comp\u00e9tition (10 11 et 12 aout sur les ilots) :<br>inclus: transport bateau , secu maritime , Lunch sp\u00e9cial hospitalit\u00e9 Manatai et activit\u00e9  5000F\/jour option accessible  jusqu&rsquo;au 31 juillet <\/p>\n\n\n\n<div class=\"wp-block-buttons is-layout-flex wp-block-buttons-is-layout-flex\">\n<div class=\"wp-block-button\"><a class=\"wp-block-button__link has-dark-gray-color has-light-blue-background-color has-text-color has-background wp-element-button\">forfait local day off manatai<\/a><\/div>\n<\/div>\n\n\n\n<p><\/p>\n\n\n\n<p class=\"has-yellow-background-color has-background has-medium-font-size\">Inscriptions <strong>d\u00e9l\u00e9gation ext\u00e9rieure<\/strong> (Australie, m\u00e9tropole, NC, Polyn\u00e9sie, Fiji) :<\/p>\n\n\n\n<div class=\"wp-block-buttons is-layout-flex wp-block-buttons-is-layout-flex\">\n<div class=\"wp-block-button\"><a class=\"wp-block-button__link has-dark-gray-color has-yellow-background-color has-text-color has-background wp-element-button\">inscriptions ext<\/a><\/div>\n\n\n\n<div class=\"wp-block-button\"><a class=\"wp-block-button__link has-dark-gray-color has-yellow-background-color has-text-color has-background wp-element-button\" href=\"https:\/\/www.helloasso.com\/associations\/manatai\/adhesions\/forfait-semaine-manatai\" target=\"_blank\" rel=\"noreferrer noopener\">paiement CB <\/a><\/div>\n\n\n\n<div class=\"wp-block-button\"><a class=\"wp-block-button__link has-dark-gray-color has-yellow-background-color has-text-color has-background wp-element-button\" href=\"https:\/\/www.helloasso.com\/associations\/manatai\/adhesions\/inscriptions-exterieures-manatai-futuna-trail\" target=\"_blank\" rel=\"noreferrer noopener\">Futuna trail (avion + hebergement+ repas) du 16 au 18 aout<\/a><\/div>\n<\/div>\n\n\n\n<hr class=\"wp-block-separator has-text-color has-white-color has-alpha-channel-opacity has-white-background-color has-background is-style-default\"\/>\n\n\n\n<p><strong>Guides d&rsquo;inscription pour participer \u00e0 la course<br>\/\/ Guidelines for the rac<\/strong>e<\/p>\n\n\n\n<div class=\"wp-block-buttons is-content-justification-center is-layout-flex wp-container-core-buttons-is-layout-16018d1d wp-block-buttons-is-layout-flex\">\n<div class=\"wp-block-button\"><a class=\"wp-block-button__link has-dark-gray-color has-light-blue-background-color has-text-color has-background wp-element-button\" href=\"https:\/\/ao.malo.wf\/index.php\/s\/y5Zg88f4oQCFM7W\">Guide d&rsquo;inscription Manatai 2025<\/a><\/div>\n<\/div>\n\n\n\n<p style=\"font-size:26px\"><strong>Manatai 2027 : inscription \/ registration<\/strong><\/p>\n\n\n\n<p><strong>\ud83d\udce2 Ouverture des Inscriptions \u00e0 la Aircalin Manatai le 25 mars 2027 ! \ud83c\udf0a\ud83c\udfc4\u200d\u2642\ufe0f<\/strong><\/p>\n\n\n\n<hr class=\"wp-block-separator has-alpha-channel-opacity\"\/>\n\n\n\n<p><strong>\ud83d\udccd Comment s\u2019inscrire \u00e0 la Aircalin Manatai 2027 ?<\/strong><\/p>\n\n\n\n<p><strong>\ud83d\udcdd \u00c9tape 1 : Inscription en ligne<\/strong><\/p>\n\n\n\n<p>1\ufe0f\u20e3 Cliquez sur l\u2019onglet&nbsp;<strong>\u201cInscription\u201d<\/strong><\/p>\n\n\n\n<p>2\ufe0f\u20e3 Remplissez le formulaire avec vos informations<\/p>\n\n\n\n<p>3\ufe0f\u20e3 Validez votre inscription \u2705<\/p>\n\n\n\n<p><strong>\ud83d\udce7 \u00c9tape 2 : Confirmation d\u2019inscription<\/strong><\/p>\n\n\n\n<p>Une fois votre inscription valid\u00e9e, vous recevrez un&nbsp;<strong>e-mail de confirmation<\/strong>&nbsp;contenant :<\/p>\n\n\n\n<p>\u2714\ufe0f Le&nbsp;<strong>contact du r\u00e9f\u00e9rent Aircalin Wallis<\/strong>&nbsp;pour finaliser votre&nbsp;<strong>r\u00e9servation de vol \u00e0 tarif privil\u00e9gi\u00e9<\/strong> pour les premiers inscrits&nbsp;\u2708\ufe0f<\/p>\n\n\n\n<p>\u2714\ufe0f La proc\u00e9dure pour&nbsp;<strong>pr\u00e9-enregistrer votre board bag<\/strong>&nbsp;(dimensions et poids) \ud83c\udfc4\u200d\u2642\ufe0f<\/p>\n\n\n\n<p>\u2714\ufe0f Un&nbsp;<strong>lien vers le site d\u2019h\u00e9bergement<\/strong>&nbsp;pour r\u00e9server votre logement \ud83c\udfe0<\/p>\n\n\n\n<p>\u2714\ufe0f Le&nbsp;<strong>contact des loueurs de voitures partenaires<\/strong>&nbsp;\ud83d\ude97<\/p>\n\n\n\n<hr class=\"wp-block-separator has-alpha-channel-opacity\"\/>\n\n\n\n<p><strong>\u2708\ufe0f R\u00e9servation du vol &amp; board bags<\/strong><\/p>\n\n\n\n<p>\ud83d\udccc Contactez le r\u00e9f\u00e9rent&nbsp;<strong>Aircalin Wallis<\/strong>&nbsp;(informations dans votre e-mail) pour r\u00e9server votre billet et b\u00e9n\u00e9ficier d\u2019un&nbsp;<strong>tarif pr\u00e9f\u00e9rentiel<\/strong>.<\/p>\n\n\n\n<p>\ud83d\udccc Les premiers inscrits peuvent&nbsp;<strong>pr\u00e9-enregistrer leurs board bags<\/strong>&nbsp;pour garantir leur transport.<\/p>\n\n\n\n<hr class=\"wp-block-separator has-alpha-channel-opacity\"\/>\n\n\n\n<p><strong>\ud83c\udfe0 H\u00e9bergement<\/strong><\/p>\n\n\n\n<p>\ud83d\udd17 Un&nbsp;<strong>lien vers le site d\u2019h\u00e9bergement<\/strong>&nbsp;sera fourni dans votre e-mail de confirmation.<\/p>\n\n\n\n<p>\ud83d\udcac Vous pourrez&nbsp;<strong>choisir votre logement<\/strong>&nbsp;et contacter directement le propri\u00e9taire pour r\u00e9server.<\/p>\n\n\n\n<p>\ud83d\udcb0&nbsp;<strong>Paiement en esp\u00e8ces \u00e0 l\u2019arriv\u00e9e<\/strong>&nbsp;: Pr\u00e9parez une&nbsp;<strong>enveloppe scell\u00e9e<\/strong>&nbsp;avec le montant exact pour votre s\u00e9jour.<\/p>\n\n\n\n<hr class=\"wp-block-separator has-alpha-channel-opacity\"\/>\n\n\n\n<p><strong>\ud83d\ude97 Transport sur place<\/strong><\/p>\n\n\n\n<p>\ud83d\ude99 Besoin d\u2019un v\u00e9hicule pendant l\u2019\u00e9v\u00e9nement ?<\/p>\n\n\n\n<p>Votre e-mail de confirmation inclura le&nbsp;<strong>contact des loueurs de voitures partenaires<\/strong>&nbsp;pour r\u00e9server \u00e0 l\u2019avance.<\/p>\n\n\n\n<hr class=\"wp-block-separator has-alpha-channel-opacity\"\/>\n\n\n\n<p><strong>\u2705 Check-list avant le d\u00e9part<\/strong><\/p>\n\n\n\n<p>\ud83d\udd32&nbsp;<strong>Billet d\u2019avion r\u00e9serv\u00e9<\/strong>&nbsp;via le r\u00e9f\u00e9rent Aircalin<\/p>\n\n\n\n<p>\ud83d\udd32&nbsp;<strong>Board bag enregistr\u00e9<\/strong>&nbsp;si n\u00e9cessaire<\/p>\n\n\n\n<p>\ud83d\udd32&nbsp;<strong>H\u00e9bergement confirm\u00e9<\/strong>&nbsp;+ paiement pr\u00e9vu en esp\u00e8ces<\/p>\n\n\n\n<p>\ud83d\udd32&nbsp;<strong>Voiture de location r\u00e9serv\u00e9e<\/strong><\/p>\n\n\n\n<p>\ud83d\udce2&nbsp;<strong>Ne manquez pas cette \u00e9dition unique !<\/strong>&nbsp;\ud83c\udf0d\ud83d\udca5<\/p>\n\n\n\n<p>\ud83d\udce9&nbsp;<strong>Inscrivez-vous d\u00e8s l\u2019ouverture et pr\u00e9parez-vous \u00e0 vivre une exp\u00e9rience inoubliable !<\/strong><\/p>\n\n\n\n<p class=\"has-text-align-center has-small-font-size\"><em>Pour vous inscrire cliquez sur le bouton ci-dessous correspondant \u00e0 votre discipline<\/em>. Merci de t\u00e9l\u00e9charger et lire attentivement le guide d&rsquo;inscription en bas de page.<\/p>\n\n\n\n<hr class=\"wp-block-separator has-alpha-channel-opacity\"\/>\n\n\n\n<h4 class=\"wp-block-heading has-light-blue-background-color has-background\" style=\"font-size:26px\"><strong>Guides d&rsquo;inscription pour participer \u00e0 la course<br>\/\/ Guidelines for the rac<\/strong>E<\/h4>\n\n\n\n<p><strong>Click here =<\/strong>&gt;.       <\/p>\n\n\n\n<p class=\"has-medium-font-size\"><strong>Frais \/ Fees &#8211; Participation<\/strong><\/p>\n\n\n\n<div class=\"wp-block-columns is-layout-flex wp-container-core-columns-is-layout-9d6595d7 wp-block-columns-is-layout-flex\">\n<div class=\"wp-block-column is-layout-flow wp-block-column-is-layout-flow\">\n<p class=\"has-text-align-center has-yellow-background-color has-background\">d\u00e9l\u00e9gation ext\u00e9rieure<br>50 000F la semaine (-10% ANG  -30% &lt;18ans)<\/p>\n\n\n\n<p class=\"has-text-align-center has-yellow-background-color has-background\"><strong>inclus dans le forfait<\/strong> NC<br><strong>\/ includ<\/strong>: transport maritime tous les jours ET secu bateau, lunch sp\u00e9cial manatai, soir\u00e9es , c\u00e9r\u00e9monies<\/p>\n<\/div>\n\n\n\n<div class=\"wp-block-column is-layout-flow wp-block-column-is-layout-flow\">\n<p class=\"has-text-align-center has-light-gray-background-color has-background\">Wallis et Futuna <strong>JUSQU&rsquo;AU  15 JUILLET<\/strong><\/p>\n\n\n\n<p class=\"has-text-align-center has-light-gray-background-color has-background\">Locaux<br><strong>4000 CFP<\/strong><\/p>\n\n\n\n<p class=\"has-text-align-center has-light-gray-background-color has-background\">3000 F <br>&lt;18 ans<\/p>\n\n\n\n<p><\/p>\n<\/div>\n\n\n\n<div class=\"wp-block-column is-layout-flow wp-block-column-is-layout-flow\">\n<p class=\"has-text-align-center has-bright-red-background-color has-background\">Wallis et Futuna <br><strong>\u00c0 PARTIR du 15 juillet <\/strong><\/p>\n\n\n\n<p class=\"has-text-align-center has-bright-red-background-color has-background\">Locaux<br><strong>6000 CFP<\/strong><\/p>\n\n\n\n<p class=\"has-text-align-center has-bright-red-background-color has-background\">5000 f <br> &lt; 18 ans<\/p>\n\n\n\n<div class=\"wp-block-columns is-layout-flex wp-container-core-columns-is-layout-9d6595d7 wp-block-columns-is-layout-flex\">\n<div class=\"wp-block-column is-layout-flow wp-block-column-is-layout-flow\">\n<p><\/p>\n<\/div>\n<\/div>\n<\/div>\n<\/div>\n\n\n\n<p><strong>inclus pour tous : <\/strong>Lycras, goodies , sandwish comp\u00e9tition J1 , J2, J3,  , secu bateau, transport maritime (jours de comp\u00e9tition si n\u00e9c\u00e9saire) <\/p>\n\n\n\n<div class=\"wp-block-columns is-layout-flex wp-container-core-columns-is-layout-9d6595d7 wp-block-columns-is-layout-flex\">\n<div class=\"wp-block-column is-layout-flow wp-block-column-is-layout-flow\">\n<p><strong>Forfait day Off:<\/strong> Pour venir participer aux journ\u00e9es manatai hors comp\u00e9tition:<br>inclus: transport bateau , secu maritime , Lunch Manatai et activit\u00e9  Nous contacter<\/p>\n<\/div>\n<\/div>\n\n\n\n<h2 class=\"wp-block-heading has-bright-red-color has-bright-blue-background-color has-text-color has-background\">Inscriptions bateaux s\u00e9curit\u00e9<\/h2>\n\n\n\n<p>Si vous voulez aider \u00e0 la s\u00e9cu bateau avec votre propre embarcation, voici le lien pour vous inscrire. Cliquez sur le bouton.<\/p>\n\n\n\n<div class=\"wp-block-buttons is-content-justification-center is-layout-flex wp-container-core-buttons-is-layout-16018d1d wp-block-buttons-is-layout-flex\">\n<div class=\"wp-block-button\"><a class=\"wp-block-button__link has-bright-red-color has-bright-blue-background-color has-text-color has-background wp-element-button\" href=\"https:\/\/manatai.malo.wf\/index.php\/secu-manatai\/\">Inscription bateaux s\u00e9cu Manatai<\/a><\/div>\n<\/div>\n","protected":false},"excerpt":{"rendered":"<p>Bienvenue sur la page d&rsquo;inscriptionde la MANATAI ! inscription 2027: c&rsquo;est Parti pour la Aircalin Manatai 2027 du 14 au 21 aout 2027 \u00e0 Wallis DEUX ETAPES : Inscription (formulaire individuel) puis paiement en ligne contacter l&rsquo;\u00e9quipe manatai pour les clubs de rame qui souhaitent ajouter ou modifier des noms manataiwallis@gmail.com Inscriptions locales Wallis :300 &hellip; <a href=\"https:\/\/manatai.malo.wf\/index.php\/manatai-2023\/inscriptions\/\" class=\"more-link\">Continuer la lecture<span class=\"screen-reader-text\"> de &laquo;&nbsp;Inscriptions&nbsp;&raquo;<\/span><\/a><\/p>\n","protected":false},"author":1,"featured_media":0,"parent":486,"menu_order":0,"comment_status":"closed","ping_status":"closed","template":"","meta":{"footnotes":""},"class_list":["post-288","page","type-page","status-publish","hentry"],"_links":{"self":[{"href":"https:\/\/manatai.malo.wf\/index.php\/wp-json\/wp\/v2\/pages\/288","targetHints":{"allow":["GET"]}}],"collection":[{"href":"https:\/\/manatai.malo.wf\/index.php\/wp-json\/wp\/v2\/pages"}],"about":[{"href":"https:\/\/manatai.malo.wf\/index.php\/wp-json\/wp\/v2\/types\/page"}],"author":[{"embeddable":true,"href":"https:\/\/manatai.malo.wf\/index.php\/wp-json\/wp\/v2\/users\/1"}],"replies":[{"embeddable":true,"href":"https:\/\/manatai.malo.wf\/index.php\/wp-json\/wp\/v2\/comments?post=288"}],"version-history":[{"count":90,"href":"https:\/\/manatai.malo.wf\/index.php\/wp-json\/wp\/v2\/pages\/288\/revisions"}],"predecessor-version":[{"id":1069,"href":"https:\/\/manatai.malo.wf\/index.php\/wp-json\/wp\/v2\/pages\/288\/revisions\/1069"}],"up":[{"embeddable":true,"href":"https:\/\/manatai.malo.wf\/index.php\/wp-json\/wp\/v2\/pages\/486"}],"wp:attachment":[{"href":"https:\/\/manatai.malo.wf\/index.php\/wp-json\/wp\/v2\/media?parent=288"}],"curies":[{"name":"wp","href":"https:\/\/api.w.org\/{rel}","templated":true}]}}