{"id":816,"date":"2024-05-03T00:10:41","date_gmt":"2024-05-02T22:10:41","guid":{"rendered":"https:\/\/manatai.malo.wf\/?page_id=816"},"modified":"2024-10-24T13:57:41","modified_gmt":"2024-10-24T11:57:41","slug":"manatai-2023-2","status":"publish","type":"page","link":"https:\/\/manatai.malo.wf\/index.php\/manatai-2023-2\/","title":{"rendered":"Manatai 2023"},"content":{"rendered":"\n<figure class=\"wp-block-image size-large\"><img loading=\"lazy\" decoding=\"async\" width=\"1024\" height=\"683\" src=\"https:\/\/manatai.malo.wf\/wp-content\/uploads\/2024\/05\/DSC03457_\u00a9Marine-Reveilhac_HD-1024x683.jpg\" alt=\"\" class=\"wp-image-820\" srcset=\"https:\/\/manatai.malo.wf\/wp-content\/uploads\/2024\/05\/DSC03457_\u00a9Marine-Reveilhac_HD-1024x683.jpg 1024w, https:\/\/manatai.malo.wf\/wp-content\/uploads\/2024\/05\/DSC03457_\u00a9Marine-Reveilhac_HD-300x200.jpg 300w, https:\/\/manatai.malo.wf\/wp-content\/uploads\/2024\/05\/DSC03457_\u00a9Marine-Reveilhac_HD-768x512.jpg 768w, https:\/\/manatai.malo.wf\/wp-content\/uploads\/2024\/05\/DSC03457_\u00a9Marine-Reveilhac_HD-1536x1024.jpg 1536w, https:\/\/manatai.malo.wf\/wp-content\/uploads\/2024\/05\/DSC03457_\u00a9Marine-Reveilhac_HD-2048x1366.jpg 2048w, https:\/\/manatai.malo.wf\/wp-content\/uploads\/2024\/05\/DSC03457_\u00a9Marine-Reveilhac_HD-1200x800.jpg 1200w\" sizes=\"auto, (max-width: 709px) 85vw, (max-width: 909px) 67vw, (max-width: 1362px) 62vw, 840px\" \/><\/figure>\n\n\n\n<p>204 athl\u00e8tes de 6 \u00e0 65 ans, 3 champions de renomm\u00e9e mondiale , 4 jeunes prodiges d\u00e9j\u00e0 titr\u00e9e (11^16 ans) , 1000 visiteurs sur les sites de comp\u00e9titions , 20 entreprises du fenua partenaires&nbsp;&nbsp;, 2 entreprises cal\u00e9doniennes repr\u00e9sent\u00e9s , plus de 120 b\u00e9n\u00e9voles dont 65 jeunes du fenua, 9 services de l\u2019\u00e9tat impliqu\u00e9s, 5 clubs de sports nautiques impliqu\u00e9s,&nbsp;&nbsp;des animations pour les enfants d\u00e8s 4 ans, 2 jours de comp\u00e9titions autour de 7 disciplines sur l&rsquo;eau ,5 soir\u00e9es concert  avec un groupe de Fiji et DJ ,&nbsp;&nbsp;une belle c\u00e9r\u00e9monie de cl\u00f4ture avec un concert et&nbsp;&nbsp;un DJ de renomm\u00e9e venu de Nouvelle Cal\u00e9donie, la culture et nos repr\u00e9sentants coutumiers impliqu\u00e9s,&nbsp;&nbsp;cette troisi\u00e8me \u00e9dition fut un vrai plaisir que ce soit pour les participants comme pour les organisateurs.<\/p>\n\n\n\n<figure class=\"wp-block-image size-large\"><img loading=\"lazy\" decoding=\"async\" width=\"1024\" height=\"683\" src=\"https:\/\/manatai.malo.wf\/wp-content\/uploads\/2024\/05\/DSC01990_\u00a9Marine-Reveilhac_HD-1024x683.jpg\" alt=\"\" class=\"wp-image-817\" srcset=\"https:\/\/manatai.malo.wf\/wp-content\/uploads\/2024\/05\/DSC01990_\u00a9Marine-Reveilhac_HD-1024x683.jpg 1024w, https:\/\/manatai.malo.wf\/wp-content\/uploads\/2024\/05\/DSC01990_\u00a9Marine-Reveilhac_HD-300x200.jpg 300w, https:\/\/manatai.malo.wf\/wp-content\/uploads\/2024\/05\/DSC01990_\u00a9Marine-Reveilhac_HD-768x512.jpg 768w, https:\/\/manatai.malo.wf\/wp-content\/uploads\/2024\/05\/DSC01990_\u00a9Marine-Reveilhac_HD-1536x1024.jpg 1536w, https:\/\/manatai.malo.wf\/wp-content\/uploads\/2024\/05\/DSC01990_\u00a9Marine-Reveilhac_HD-2048x1365.jpg 2048w, https:\/\/manatai.malo.wf\/wp-content\/uploads\/2024\/05\/DSC01990_\u00a9Marine-Reveilhac_HD-1200x800.jpg 1200w\" sizes=\"auto, (max-width: 709px) 85vw, (max-width: 909px) 67vw, (max-width: 1362px) 62vw, 840px\" \/><\/figure>\n\n\n\n<p>&nbsp;Que ce soit sur l&rsquo;aspect s\u00e9curit\u00e9, sportif, culturel ou \u00e9v\u00e9nementiel&nbsp;, tous les retours que nous avons eu (y compris de nos trois mentors ) ont \u00e9t\u00e9 positifs. Tout&nbsp;&nbsp;ceci est tr\u00e8s encourageant pour la suite et nous motive \u00e0 travailler encore pour am\u00e9liorer encore ce beau rassemblement .&nbsp;<\/p>\n\n\n\n<figure class=\"wp-block-image size-large\"><img loading=\"lazy\" decoding=\"async\" width=\"1024\" height=\"683\" src=\"https:\/\/manatai.malo.wf\/wp-content\/uploads\/2024\/05\/DSC03448_\u00a9Marine-Reveilhac_HD-1024x683.jpg\" alt=\"\" class=\"wp-image-818\" srcset=\"https:\/\/manatai.malo.wf\/wp-content\/uploads\/2024\/05\/DSC03448_\u00a9Marine-Reveilhac_HD-1024x683.jpg 1024w, https:\/\/manatai.malo.wf\/wp-content\/uploads\/2024\/05\/DSC03448_\u00a9Marine-Reveilhac_HD-300x200.jpg 300w, https:\/\/manatai.malo.wf\/wp-content\/uploads\/2024\/05\/DSC03448_\u00a9Marine-Reveilhac_HD-768x512.jpg 768w, https:\/\/manatai.malo.wf\/wp-content\/uploads\/2024\/05\/DSC03448_\u00a9Marine-Reveilhac_HD-1536x1024.jpg 1536w, https:\/\/manatai.malo.wf\/wp-content\/uploads\/2024\/05\/DSC03448_\u00a9Marine-Reveilhac_HD-2048x1365.jpg 2048w, https:\/\/manatai.malo.wf\/wp-content\/uploads\/2024\/05\/DSC03448_\u00a9Marine-Reveilhac_HD-1200x800.jpg 1200w\" sizes=\"auto, (max-width: 709px) 85vw, (max-width: 909px) 67vw, (max-width: 1362px) 62vw, 840px\" \/><\/figure>\n\n\n\n<p>Nous&nbsp;&nbsp;souhaitons faire durer la Manatai et l&rsquo;inscrire dans le calendrier des sports nautiques et de Wallis-et-Futuna comme un \u00e9v\u00e9nement multisports nautiques rassemblant la population locale et&nbsp;&nbsp;ses&nbsp;&nbsp;passionn\u00e9s sans oublier la d\u00e9l\u00e9gation d&rsquo;athl\u00e8tes de l\u2019ext\u00e9rieur et nos parrains de renomm\u00e9e.<\/p>\n\n\n\n<figure class=\"wp-block-image size-large\"><img loading=\"lazy\" decoding=\"async\" width=\"1024\" height=\"683\" src=\"https:\/\/manatai.malo.wf\/wp-content\/uploads\/2024\/05\/DSC03176_\u00a9Marine-Reveilhac_HD-1024x683.jpg\" alt=\"\" class=\"wp-image-819\" srcset=\"https:\/\/manatai.malo.wf\/wp-content\/uploads\/2024\/05\/DSC03176_\u00a9Marine-Reveilhac_HD-1024x683.jpg 1024w, https:\/\/manatai.malo.wf\/wp-content\/uploads\/2024\/05\/DSC03176_\u00a9Marine-Reveilhac_HD-300x200.jpg 300w, https:\/\/manatai.malo.wf\/wp-content\/uploads\/2024\/05\/DSC03176_\u00a9Marine-Reveilhac_HD-768x512.jpg 768w, https:\/\/manatai.malo.wf\/wp-content\/uploads\/2024\/05\/DSC03176_\u00a9Marine-Reveilhac_HD-1536x1024.jpg 1536w, https:\/\/manatai.malo.wf\/wp-content\/uploads\/2024\/05\/DSC03176_\u00a9Marine-Reveilhac_HD-2048x1366.jpg 2048w, https:\/\/manatai.malo.wf\/wp-content\/uploads\/2024\/05\/DSC03176_\u00a9Marine-Reveilhac_HD-1200x800.jpg 1200w\" sizes=\"auto, (max-width: 709px) 85vw, (max-width: 909px) 67vw, (max-width: 1362px) 62vw, 840px\" \/><\/figure>\n\n\n\n<p>Des pratiquants passionn\u00e9s de Wind, Wind , de kitesurf ou de rame nous contactent d\u00e9j\u00e0 de Nouvelle-Cal\u00e9donie, d\u2019Australie et de m\u00e9tropole pour venir participer \u00e0 la prochaine \u00e9dition de la Aircalin Manatai Wallis et Futuna cup.&nbsp;<\/p>\n\n\n\n<p>De belles perspectives et une motivation suppl\u00e9mentaire pour r\u00e9ussir un bel \u00e9v\u00e9nement dans les ann\u00e9es \u00e0 venir.<\/p>\n\n\n\n<div data-wp-interactive=\"core\/file\" class=\"wp-block-file\"><object data-wp-bind--hidden=\"!state.hasPdfPreview\" hidden class=\"wp-block-file__embed\" data=\"https:\/\/manatai.malo.wf\/wp-content\/uploads\/2024\/10\/BILAN-MANATAI-2023-vf.pdf\" type=\"application\/pdf\" style=\"width:100%;height:600px\" aria-label=\"Contenu embarqu\u00e9 BILAN-MANATAI-2023-vf.\"><\/object><a id=\"wp-block-file--media-03abc91a-842f-4259-9a25-ba146109899c\" href=\"https:\/\/manatai.malo.wf\/wp-content\/uploads\/2024\/10\/BILAN-MANATAI-2023-vf.pdf\">BILAN-MANATAI-2023-vf<\/a><a href=\"https:\/\/manatai.malo.wf\/wp-content\/uploads\/2024\/10\/BILAN-MANATAI-2023-vf.pdf\" class=\"wp-block-file__button wp-element-button\" download aria-describedby=\"wp-block-file--media-03abc91a-842f-4259-9a25-ba146109899c\">T\u00e9l\u00e9charger<\/a><\/div>\n","protected":false},"excerpt":{"rendered":"<p>204 athl\u00e8tes de 6 \u00e0 65 ans, 3 champions de renomm\u00e9e mondiale , 4 jeunes prodiges d\u00e9j\u00e0 titr\u00e9e (11^16 ans) , 1000 visiteurs sur les sites de comp\u00e9titions , 20 entreprises du fenua partenaires&nbsp;&nbsp;, 2 entreprises cal\u00e9doniennes repr\u00e9sent\u00e9s , plus de 120 b\u00e9n\u00e9voles dont 65 jeunes du fenua, 9 services de l\u2019\u00e9tat impliqu\u00e9s, 5 clubs &hellip; <a href=\"https:\/\/manatai.malo.wf\/index.php\/manatai-2023-2\/\" class=\"more-link\">Continuer la lecture<span class=\"screen-reader-text\"> de &laquo;&nbsp;Manatai 2023&nbsp;&raquo;<\/span><\/a><\/p>\n","protected":false},"author":1,"featured_media":0,"parent":0,"menu_order":0,"comment_status":"closed","ping_status":"closed","template":"","meta":{"footnotes":""},"class_list":["post-816","page","type-page","status-publish","hentry"],"_links":{"self":[{"href":"https:\/\/manatai.malo.wf\/index.php\/wp-json\/wp\/v2\/pages\/816","targetHints":{"allow":["GET"]}}],"collection":[{"href":"https:\/\/manatai.malo.wf\/index.php\/wp-json\/wp\/v2\/pages"}],"about":[{"href":"https:\/\/manatai.malo.wf\/index.php\/wp-json\/wp\/v2\/types\/page"}],"author":[{"embeddable":true,"href":"https:\/\/manatai.malo.wf\/index.php\/wp-json\/wp\/v2\/users\/1"}],"replies":[{"embeddable":true,"href":"https:\/\/manatai.malo.wf\/index.php\/wp-json\/wp\/v2\/comments?post=816"}],"version-history":[{"count":2,"href":"https:\/\/manatai.malo.wf\/index.php\/wp-json\/wp\/v2\/pages\/816\/revisions"}],"predecessor-version":[{"id":904,"href":"https:\/\/manatai.malo.wf\/index.php\/wp-json\/wp\/v2\/pages\/816\/revisions\/904"}],"wp:attachment":[{"href":"https:\/\/manatai.malo.wf\/index.php\/wp-json\/wp\/v2\/media?parent=816"}],"curies":[{"name":"wp","href":"https:\/\/api.w.org\/{rel}","templated":true}]}}